{"id":238,"date":"2026-08-25T21:57:54","date_gmt":"2026-08-25T20:57:54","guid":{"rendered":"https:\/\/srv1920790.hstgr.cloud\/?post_type=product&#038;p=238"},"modified":"2026-08-25T22:07:18","modified_gmt":"2026-08-25T21:07:18","slug":"startkit-kefir-stor-ekologiskt-inklusive-weck-burksystem","status":"publish","type":"product","link":"https:\/\/wp.njordstorp.se\/en\/product\/startkit-kefir-stor-ekologiskt-inklusive-weck-burksystem\/","title":{"rendered":"Startkit Kefir Stor ekologiskt inklusive Weck burksystem"},"content":{"rendered":"<p>Startkit kefir stor ekologisk, mj\u00f6lkkefir startpaket KRAV-ekologiskt med 2 styck Weckburkar och lock system.<\/p>\n<p>G\u00f6r din egen \u00e4kta kefir sj\u00e4lv hemma och b\u00f6rjar direkt med det h\u00e4r paketet vi har sammanst\u00e4llt till att g\u00f6ra kontinuerlig kefir. Finns ocks\u00e5 med <a href=\"\/onlinebutik\/kefir-startkit-deluxe\/\">k\u00f6kssil h\u00e4r<\/a>.<br \/>\nDet potentiella h\u00e4lsov\u00e4rdet av en fermenterad produkt \u00e4r till stor del relaterat till m\u00e5ngfalden av bakteriestammar. Och mj\u00f6lkkefir \u00e4r den absoluta ledaren i detta; det finns ingen naturlig produkt med en st\u00f6rre m\u00e5ngfald av mikroorganismer.<\/p>\n<p>Inneh\u00e5ller:<\/p>\n<ul>\n<li>detaljerad beskrivning,<\/li>\n<li>aktiv f\u00e4rsk ekologisk kefir-kultur gryn i ekologisk komj\u00f6lk till ca. 200-350 milliliter,<\/li>\n<li>2 burkar av Weck model Tulp 1 liter med gummiring och 2st clips och<\/li>\n<li>2 sn\u00e4pplock<\/li>\n<\/ul>\n<p>Alla v\u00e5ra kulturer kommer att packas noggrant \u00e5t dig precis i tid vid avs\u00e4ndningsdatumet. Detta garanterar att din kultur inte \u00e4r f\u00f6rseglad l\u00e4ngre \u00e4n absolut n\u00f6dv\u00e4ndigt och g\u00f6r det enkelt f\u00f6r dig att ytterligare odla kefir efter leverans. Sista utg\u00e5ngsdatum f\u00f6r den f\u00f6rseglade leveransen \u00e4r 14 dagar fr\u00e5n leveransdatum.<\/p>\n<p>Denna produkt \u00e4r inga torkade varor, j\u00e4ser eller steriliserade f\u00e4rdiga produkter utan levande kulturer.\u00a0 Observera att v\u00e5r levererade mj\u00f6lkkefir \u00e4r mat med begr\u00e4nsad h\u00e5llbarhet. Transporten ger i sig ingen skada men grynen b\u00f6r tas om hand p\u00e5 nytt s\u00e5 fort som m\u00f6jligt direkt vid leverans.<\/p>\n<p>Obs1! Leveranstid \u00e4r beroende p\u00e5 tillg\u00e5ng\/efterfr\u00e5gan. Storlekar kan vara olika och bilden \u00e4r bara ett exempel men grynens aktivitet \u00e4r samma.<\/p>\n","protected":false},"excerpt":{"rendered":"<p>Startkit kefir stor ekologisk och Weck burksystem, mj\u00f6lkkefir startpaket p\u00e5 KRAV ekologiska ingredienserna<\/p>\n","protected":false},"featured_media":1390,"template":"","meta":[],"product_brand":[],"product_cat":[60,61,32,64],"product_tag":[67],"class_list":["post-238","product","type-product","status-publish","has-post-thumbnail","product_cat-kefir","product_cat-mjolkkefir-och-vattenkefir","product_cat-mjolksyrning","product_cat-startkit","product_tag-kefir","first","instock","taxable","shipping-taxable","purchasable","product-type-simple"],"_links":{"self":[{"href":"https:\/\/wp.njordstorp.se\/en\/wp-json\/wp\/v2\/product\/238","targetHints":{"allow":["GET"]}}],"collection":[{"href":"https:\/\/wp.njordstorp.se\/en\/wp-json\/wp\/v2\/product"}],"about":[{"href":"https:\/\/wp.njordstorp.se\/en\/wp-json\/wp\/v2\/types\/product"}],"wp:featuredmedia":[{"embeddable":true,"href":"https:\/\/wp.njordstorp.se\/en\/wp-json\/wp\/v2\/media\/1390"}],"wp:attachment":[{"href":"https:\/\/wp.njordstorp.se\/en\/wp-json\/wp\/v2\/media?parent=238"}],"wp:term":[{"taxonomy":"product_brand","embeddable":true,"href":"https:\/\/wp.njordstorp.se\/en\/wp-json\/wp\/v2\/product_brand?post=238"},{"taxonomy":"product_cat","embeddable":true,"href":"https:\/\/wp.njordstorp.se\/en\/wp-json\/wp\/v2\/product_cat?post=238"},{"taxonomy":"product_tag","embeddable":true,"href":"https:\/\/wp.njordstorp.se\/en\/wp-json\/wp\/v2\/product_tag?post=238"}],"curies":[{"name":"wp","href":"https:\/\/api.w.org\/{rel}","templated":true}]}}